{"id":839,"date":"2026-03-31T12:35:26","date_gmt":"2026-03-31T15:35:26","guid":{"rendered":"http:\/\/luizadaiola.com\/?page_id=839"},"modified":"2026-04-27T19:45:14","modified_gmt":"2026-04-27T22:45:14","slug":"semente-que-quer-brotar-interioranas-2026","status":"publish","type":"page","link":"https:\/\/luizadaiola.com\/index.php\/semente-que-quer-brotar-interioranas-2026\/","title":{"rendered":"SEMENTE QUE QUER BROTAR &#8211; INTERIORANAS (2026)"},"content":{"rendered":"<div id=\"pl-839\"  class=\"panel-layout\" ><div id=\"pg-839-0\"  class=\"panel-grid panel-has-style\" ><div class=\"siteorigin-panels-stretch panel-row-style panel-row-style-for-839-0\" style=\"border-bottom: 1px solid #000000;padding: 100px 0; \" data-stretch-type=\"full\" data-overlay=\"true\" data-overlay-color=\"#000000\" ><div id=\"pgc-839-0-0\"  class=\"panel-grid-cell\" ><div id=\"panel-839-0-0-0\" class=\"so-panel widget widget_sow-editor panel-first-child panel-last-child\" data-index=\"0\" ><div style=\"text-align: left;\" data-title-color=\"#443f3f\" data-headings-color=\"#443f3f\" class=\"panel-widget-style panel-widget-style-for-839-0-0-0\" ><div\n\t\t\t\n\t\t\tclass=\"so-widget-sow-editor so-widget-sow-editor-base\"\n\t\t\t\n\t\t>\n<div class=\"siteorigin-widget-tinymce textwidget\">\n\t<p><iframe style=\"border-radius: 12px;\" src=\"https:\/\/open.spotify.com\/embed\/album\/7B4DV3xiMEE7WS5otPVg0Q?utm_source=generator&amp;theme=0\" width=\"300\" height=\"420\" frameborder=\"0\" allowfullscreen=\"allowfullscreen\" data-testid=\"embed-iframe\"><\/iframe><\/p>\n<\/div>\n<\/div><\/div><\/div><\/div><div id=\"pgc-839-0-1\"  class=\"panel-grid-cell\" ><div id=\"panel-839-0-1-0\" class=\"so-panel widget widget_sow-editor panel-first-child panel-last-child\" data-index=\"1\" ><div style=\"text-align: left;\" data-title-color=\"#443f3f\" data-headings-color=\"#443f3f\" class=\"panel-widget-style panel-widget-style-for-839-0-1-0\" ><div\n\t\t\t\n\t\t\tclass=\"so-widget-sow-editor so-widget-sow-editor-base\"\n\t\t\t\n\t\t><h3 class=\"widget-title\">SEMENTE QUE QUER BROTAR - INTERIORANAS (2026)<\/h3>\n<div class=\"siteorigin-widget-tinymce textwidget\">\n\t<p><b>REALIZA\u00c7\u00c3O<br \/>\n<\/b><span style=\"font-weight: 400;\">Projeto realizado por meio do<\/span><b> Edital de Chamamento P\u00fablico n\u00ba 06\/2024 \u2013 Produ\u00e7\u00e3o de Obras<\/b><span style=\"font-weight: 400;\">, da Secretaria de Estado de Cultura e Turismo de Minas Gerais <\/span><b>(Secult-MG<\/b><span style=\"font-weight: 400;\">), com recursos da <\/span><b>Pol\u00edtica Nacional Aldir Blanc de Fomento \u00e0 Cultura (PNAB \u2013 Lei n\u00ba 14.399\/2022)<\/b><span style=\"font-weight: 400;\">.<\/span><\/p>\n<hr \/>\n<p><b>FICHA T\u00c9CNICA<br \/>\n<\/b><b>Produ\u00e7\u00e3o Executiva:<\/b><span style=\"font-weight: 400;\"> Luiza da Iola<\/span><span style=\"font-weight: 400;\"><br \/>\n<\/span><b>Assistente de Produ\u00e7\u00e3o:<\/b><span style=\"font-weight: 400;\"> Tacimira Fabiana do Carmo<\/span><span style=\"font-weight: 400;\"><br \/>\n<\/span><b>Assessoria Financeira:<\/b><span style=\"font-weight: 400;\"> Jamila Braga Reis<\/span><span style=\"font-weight: 400;\"><br \/>\n<\/span><b>Assessoria de Imprensa:<\/b><span style=\"font-weight: 400;\"> Ana Paula Santos<\/span><span style=\"font-weight: 400;\"><br \/>\n<\/span><b>Engenharia de Grava\u00e7\u00e3o, Mixagem e Masteriza\u00e7\u00e3o:<\/b><span style=\"font-weight: 400;\"> Thiago Guedes<\/span><span style=\"font-weight: 400;\"><br \/>\n<\/span><b>Dire\u00e7\u00e3o de Arte, Fotografia e V\u00eddeo:<\/b><span style=\"font-weight: 400;\"> Virg\u00ednia Dandara<\/span><span style=\"font-weight: 400;\"><br \/>\n<\/span><b>Design Gr\u00e1fico:<\/b><span style=\"font-weight: 400;\"> Alexandre de Sena<\/span><span style=\"font-weight: 400;\"><br \/>\n<\/span><b>Acessibilidade:<\/b><span style=\"font-weight: 400;\"> Vias Acess\u00edveis; Gustavo Aquino<\/span><span style=\"font-weight: 400;\"><br \/>\n<\/span><b>Interpreta\u00e7\u00e3o em Libras:<\/b><span style=\"font-weight: 400;\"> Jane Luciana<\/span><span style=\"font-weight: 400;\"><br \/>\n<\/span><b>Transporte:<\/b><span style=\"font-weight: 400;\"> Carlos Roberto de Souza Filho<\/span><span style=\"font-weight: 400;\"><br \/>\n<\/span><b>Hospedagem e Alimenta\u00e7\u00e3o:<\/b><span style=\"font-weight: 400;\"> Luc\u00edlia dos Santos Lopes Ribeiro (Dona Meninona); Tacimira Fabiana do Carmo<\/span><\/p>\n<hr \/>\n<p><b>FICHA T\u00c9CNICA MUSICAL<br \/>\n<\/b><b>Dire\u00e7\u00e3o Musical:<\/b><span style=\"font-weight: 400;\"> Luiza da Iola, Laiza Lamara e Miguel Javaral<br \/>\n<\/span><b>Produ\u00e7\u00e3o Musical: <\/b><span style=\"font-weight: 400;\">Luiza da Iola, N\u00edvea Sabino e Miguel Javaral<br \/>\n<\/span><b>Engenharia de Grava\u00e7\u00e3o, Mixagem e Masteriza\u00e7\u00e3o: T<\/b><span style=\"font-weight: 400;\">hiago Guedes<br \/>\n<\/span><b>Composi\u00e7\u00e3o: <\/b><span style=\"font-weight: 400;\">Luiza da Iola e N\u00edvea Sabino<br \/>\n<\/span><b>Interpreta\u00e7\u00e3o: <\/b><span style=\"font-weight: 400;\">Luiza da Iola e N\u00edvea Sabino<br \/>\n<\/span><b>Arranjos de Harmonia<\/b><span style=\"font-weight: 400;\">: Miguel Javaral e Gustavo Cunha<br \/>\n<\/span><b>Arranjos de Percuss\u00e3o e Bateria<\/b><span style=\"font-weight: 400;\">: Aruan\u00e3, Laiza Lamara, Julianismo e Val\u00e9ria Santos<br \/>\n<\/span><b>Baixo El\u00e9trico:<\/b><span style=\"font-weight: 400;\"> Miguel Javaral<br \/>\n<\/span><b>Guitarra, Flauta e Sintetizador: <\/b><span style=\"font-weight: 400;\">Gustavo Cunha<\/span><\/p>\n<hr \/>\n<p><b>&nbsp;<\/b><\/p>\n<p><b>Release - por Miguel Javaral<br \/>\n<\/b><div class=\"claps-toggle-text\" style=\"--collapse-hf:1px;--collapse-ht:1px;\" data-title=\"Leia mais\" data-swaptitle=\"Voltar\" data-icon=\"&#9660;\" data-swapicon=\"&#9650;\" data-ht=\"1px\" data-hf=\"1px\" data-above=\"1\"><div class=\"claps-text-inner claps-text-toggle-collapsed\"><\/p>\n<p><span style=\"font-weight: 400\">\u201cSem cafun\u00e9 a vida \u00e9 seca, sert\u00e3o de segunda a sexta-feira\u201d. Os versos da poeta da voz N\u00edvea Sabino, natural de Nova Lima, regi\u00e3o metropolitana de Belo Horizonte, falam de afeto e ganha-p\u00e3o, articulando os interiores psicol\u00f3gicos e geogr\u00e1ficos (analogia fundamental do seu livro <\/span><i><span style=\"font-weight: 400\">Interiorana<\/span><\/i><span style=\"font-weight: 400\"> e tamb\u00e9m do projeto musical Interioranas). Mas sert\u00e3o de segunda a sexta-feira poderia descrever tamb\u00e9m o processo de grava\u00e7\u00e3o deste EP. Quase. Chegamos no domingo ainda. E S\u00e3o Gon\u00e7alo do Rio das Pedras, distrito da cidade mineira do Serro, pr\u00f3ximo a Diamantina, est\u00e1 na entrada do Vale do Jequitinhonha. N\u00e3o propriamente sert\u00e3o, caminho dele. Se Guimar\u00e3es Rosa for a medida, est\u00e1vamos mais no territ\u00f3rio de <\/span><i><span style=\"font-weight: 400\">O Recado do Morro<\/span><\/i><span style=\"font-weight: 400\"> do que no de <\/span><i><span style=\"font-weight: 400\">Grande Sert\u00e3o: Veredas<\/span><\/i><span style=\"font-weight: 400\">. Se a medida for a chuva, basta dizer que a van que nos levava para l\u00e1 atolou na lama da estrada de terra e que s\u00f3 vimos no horizonte as belas pedras da regi\u00e3o no \u00faltimo dia de grava\u00e7\u00e3o.<\/span><\/p>\n<p><span style=\"font-weight: 400\">\u201cSemente que quer brotar\u201d. Verso que nomeia o trabalho. T\u00e3o jovem, t\u00e3o s\u00e1bia, nossa amiga Tacimira, que abriu a casa e o cora\u00e7\u00e3o para que as Interioranas se aquilombassem e gravassem suas can\u00e7\u00f5es, conhece bem das sementes. Daquelas que se espalham e ligam fam\u00edlias, parcerias, comunidades camponesas, comunidades quilombolas. Sementes que o capital n\u00e3o controla. Sementes crioulas. Interioranas tamb\u00e9m \u00e9 semente que quer brotar. Quem se encontra hoje na presen\u00e7a da grandeza de Luiza da Iola, Rainha Perp\u00e9tua do Reinado de Nossa Senhora do Ros\u00e1rio de Carm\u00f3polis de Minas, voz que \u00e9 s\u00f3 for\u00e7a e beleza, pode esquecer que ela, como tudo, j\u00e1 foi semente. Mas eu vi. E sei que as palavras de N\u00edvea Sabino ajudaram a compositora, a cantautora, a artista que est\u00e1 a\u00ed agora, a germinar. Querer brotar \u00e9 teimar em multiplicar a vida frente a todos os empecilhos. E Interioranas, projeto musical surgido na virada de 2018 para 2019, para tocar as can\u00e7\u00f5es que Luiza fez partindo dos poemas de N\u00edvea, e que no final daquele ano realizou um primeiro sonho, abrindo o show da inigual\u00e1vel Ju\u00e7ara Mar\u00e7al no Festival de Arte Negra (FAN) de Belo Horizonte, viu seu crescimento podado pela terr\u00edvel estiagem que foi o ano de 2020. A pandemia nos dispersou, espalhou os ingredientes desse mexido belorizontino. Luiza voltou para Carm\u00f3polis. Gustavo Cunha, guitarrista cuja sensibilidade marcou desde a primeira hora Interioranas, fundador tamb\u00e9m da banda Iconili, voltou para os lados de Diamantina. No meio-tempo, outras sementes brotaram. A nossa querida percussionista Juliana de Oliveira come\u00e7ou a ser reconhecida como artista pl\u00e1stica, sob o nome Julianismo. Mas o lan\u00e7amento do primeiro EP teve o sabor agridoce dos eventos remotos, online, sem o calor intenso e o corpo a corpo do show ao vivo das Interioranas.<\/span><\/p>\n<p><span style=\"font-weight: 400\">\u201cPra Mexer\u201d. A for\u00e7a dessas can\u00e7\u00f5es vem, como n\u00e3o poderia deixar de ser, dos tambores. Desde seu primeiro momento sob a reg\u00eancia criativa, precisa e en\u00e9rgica de Laiza Larama, que temos em comum com o bloco Tapa de Mina e muitas das baterias que fizeram ressurgir o Carnaval de Belo Horizonte, a percuss\u00e3o responde, com a imagina\u00e7\u00e3o caracter\u00edstica das tradi\u00e7\u00f5es da m\u00fasica afrodiasp\u00f3rica, a cada palavra e a cada melodia. A segunda flora\u00e7\u00e3o das Interioranas, que mostra neste EP seus frutos, se inicia com uma apresenta\u00e7\u00e3o no Canjer\u00ea \u2013 Festival de Cultura Quilombola de Minas Gerais de 2023. Foi l\u00e1, diante de tanta gente dessas comunidades de resist\u00eancia que t\u00eam a nossa infinita admira\u00e7\u00e3o, que a fam\u00edlia Interioranas se expandiu, incorporando a serenidade e o cuidado que emanam do nosso novo irm\u00e3o Aruan\u00e3 do Amaral Gomes e a alegria explosiva da nossa nova irm\u00e3 ca\u00e7ula Val\u00e9ria Santos, que alternam entre si as posi\u00e7\u00f5es de bateristas e percussionistas.<\/span><\/p>\n<p><span style=\"font-weight: 400\">\u201cFeij\u00e3o gostoso, conversa boa\u201d. E queijo, caf\u00e9 e, para os assim inclinados, cacha\u00e7a. E muito trabalho e dedica\u00e7\u00e3o. Foi bonito de ver e at\u00e9 poder ajudar um pouco, na grave fun\u00e7\u00e3o de baixista, estas can\u00e7\u00f5es amadurecerem e serem colhidas pela capta\u00e7\u00e3o sonora focada de Thiago Guedes, durante aqueles dias chuvosos de dezembro na casa cujos fundos davam para o Rio das Pedras. \u201cSem medir fala\u201d, com toques de hip-hop e terreiro, continua a linha mais explicitamente pol\u00edtica da maior parte das can\u00e7\u00f5es do primeiro EP. Interioranas \u00e9 um projeto liderado por mulheres negras queer. Tem, portanto, lado e mensagem a entregar. Como a poesia de N\u00edvea Sabino (que inspira tudo o que Interioranas produz), tamb\u00e9m traz, por\u00e9m, aquilo que nos faz desejar que a vida possa ser boa para todas, todes e todos. O \u201csabor da fruta\u201d descrito com min\u00facias sens\u00f3rias no pagod\u00e3o baiano afrofuturista de \u201cO cheiro da mexerica\u201d. A alegria quase paradoxal da paix\u00e3o, tema do ax\u00e9 meio retr\u00f4\/meio indie de \u201cMeu dengo\u201d, que nos faz \u201ccurtir garoa\u201d e at\u00e9 \u201csorrir \u00e0 toa\u201d mesmo (pesadelo cotidiano das classes assalariadas, de todos que moram longe) tendo perdido o \u00f4nibus. O amor que, como o pequi, atrai e repele, machucando com seus espinhos quem se mostra muito afoito em deleitar-se, como ouvimos no blues do sert\u00e3o, ou talvez xote spiritual, \u201cAmor de Jatob\u00e1\u201d, que encerra o EP. As fotos e v\u00eddeos cheios de cor e carinho que Virg\u00ednia Dandara registrou naquela semana talvez ajudem a explicar o que se passou. Mas \u00e9 no som destas quatro faixas que se encontra o aroma e a polpa dos frutos daqueles dias. \u201cDe gomo em gomo, n\u00e3o h\u00e1 sa\u00edda, s\u00f3 resta o cheiro da mexerica\u201d.<\/span><\/p>\n<p><span style=\"font-weight: 400\">Miguel Javaral<\/span><\/p>\n<p><span style=\"font-weight: 400\">S\u00e3o Paulo, 2026<\/span><\/p>\n<p><span style=\"font-weight: 400\">P.S. O tropeiro de feij\u00e3o guandu (plantado no quintal) feito pela Dona Meninona \u00e9 uma das maravilhas do universo. Ali\u00e1s, Dona Meninona \u00e9 uma das maravilhas do universo. Quem estiver em S\u00e3o Gon\u00e7alo do Rio das Pedras precisa conhecer. Pode inclusive aproveitar e mandar para ela beijos e abra\u00e7os das meninonas e menin\u00f5es de Interioranas.<\/span><\/p>\n<p><\/div><\/div><\/p>\n<p>&nbsp;<\/p>\n<p><b>01 - O CHEIRO DA MEXERICA<br \/>\n<\/b><div class=\"claps-toggle-text\" style=\"--collapse-hf:1px;--collapse-ht:1px;\" data-title=\"Leia mais\" data-swaptitle=\"Voltar\" data-icon=\"&#9660;\" data-swapicon=\"&#9650;\" data-ht=\"1px\" data-hf=\"1px\" data-above=\"1\"><div class=\"claps-text-inner claps-text-toggle-collapsed\">\n<b><\/b><span style=\"font-size: 10pt\"><em><span style=\"font-weight: 400\">Composi\u00e7\u00e3o: Luiza da Iola e N\u00edvea Sabino&nbsp;<br \/>\n<\/span><span style=\"font-weight: 400\">Int\u00e9rprete: Luiza da Iola e N\u00edvea Sabino&nbsp;<br \/>\n<\/span><span style=\"font-weight: 400\">Arranjo harmonia: Miguel Javaral e Gustavo Cunha<br \/>\n<\/span><span style=\"font-weight: 400\">Arranjo percuss\u00e3o e bateria: Laiza Lamara e Julianismo<br \/>\n<\/span><span style=\"font-weight: 400\">Baixo el\u00e9trico: Miguel Javaral&nbsp;<br \/>\n<\/span><span style=\"font-weight: 400\">Guitarra: Gustavo Cunha&nbsp;<br \/>\n<\/span><span style=\"font-weight: 400\">Congas: Laiza Lamara&nbsp;<br \/>\n<\/span><span style=\"font-weight: 400\">Timbal: Laiza Lamara<br \/>\n<\/span><span style=\"font-weight: 400\">Bateria: Val\u00e9ria Santos<br \/>\n<\/span><span style=\"font-weight: 400\">Bacurinha: Aruan\u0101&nbsp;<br \/>\n<\/span><span style=\"font-weight: 400\">Surdo: Julianismo<br \/>\n<\/span><span style=\"font-weight: 400\">Sintetizador: Gustavo Cunha&nbsp;<\/span><\/em><\/span><\/p>\n<p><span style=\"font-weight: 400\"><em>Canto:<\/em><br \/>\n<\/span><span style=\"font-weight: 400\">O cheiro<br \/>\n<\/span><span style=\"font-weight: 400\">O cheiro,&nbsp;<br \/>\n<\/span><span style=\"font-weight: 400\">que cheiro, que cheiro,<br \/>\n<\/span><span style=\"font-weight: 400\">que cheiro, que cheiro,<br \/>\n<\/span><span style=\"font-weight: 400\">cheiro\u2026<\/span><\/p>\n<p><span style=\"font-weight: 400\">da mexerica, cacacacacaca<br \/>\n<\/span><span style=\"font-weight: 400\">da mexerica, cacacacacaca<\/span><\/p>\n<p><span style=\"font-weight: 400\">O cheiro<\/span><\/p>\n<p><span style=\"font-weight: 400\">Sedentos dedos&nbsp;<br \/>\n<\/span><span style=\"font-weight: 400\">lhe puxam a vida<br \/>\n<\/span><span style=\"font-weight: 400\">Cada gomo \u00e0 mostra<br \/>\n<\/span><span style=\"font-weight: 400\">uma ferida<br \/>\n<\/span><span style=\"font-weight: 400\">As mexericas<br \/>\n<\/span><span style=\"font-weight: 400\">espirram l\u00e1grimas de sumo<br \/>\n<\/span><span style=\"font-weight: 400\">a cada casca<br \/>\n<\/span><span style=\"font-weight: 400\">em despedida<br \/>\n<\/span><span style=\"font-weight: 400\">E \u00e0 medida (2x)<\/span><\/p>\n<p><em><span style=\"font-weight: 400\">Poema:<\/span><\/em><\/p>\n<p><span style=\"font-weight: 400\">Sedentos dedos&nbsp;<br \/>\n<\/span><span style=\"font-weight: 400\">lhe puxam a vida<br \/>\n<\/span><span style=\"font-weight: 400\">Cada gomo \u00e0 mostra<br \/>\n<\/span><span style=\"font-weight: 400\">uma ferida<br \/>\n<\/span><span style=\"font-weight: 400\">As mexericas<br \/>\n<\/span><span style=\"font-weight: 400\">espirram l\u00e1grimas de sumo<br \/>\n<\/span><span style=\"font-weight: 400\">a cada casca<br \/>\n<\/span><span style=\"font-weight: 400\">em despedida<br \/>\n<\/span><span style=\"font-weight: 400\">E \u00e0 medida<br \/>\n<\/span><span style=\"font-weight: 400\">em que se descasca<br \/>\n<\/span><span style=\"font-weight: 400\">o suor da fruta<br \/>\n<\/span><span style=\"font-weight: 400\">encharca o corpo<br \/>\n<\/span><span style=\"font-weight: 400\">que sente o suco<br \/>\n<\/span><span style=\"font-weight: 400\">escorrer \u00e0 boca<br \/>\n<\/span><span style=\"font-weight: 400\">por mordidas findas<br \/>\n<\/span><span style=\"font-weight: 400\">De gomo em gomo<br \/>\n<\/span><span style=\"font-weight: 400\">n\u00e3o h\u00e1 sa\u00edda<br \/>\n<\/span><span style=\"font-weight: 400\">s\u00f3 resta o cheiro<br \/>\n<\/span><span style=\"font-weight: 400\">da mexerica<\/span><\/p>\n<p><em><span style=\"font-weight: 400\">Canto:<\/span><\/em><\/p>\n<p><span style=\"font-weight: 400\">De gomo em gomo<br \/>\n<\/span>n\u00e3o h\u00e1 sa\u00edda<br \/>\n<span style=\"font-weight: 400\">s\u00f3 resta o cheiro, que cheiro,<br \/>\n<\/span><span style=\"font-weight: 400\">que cheiro, que cheiro,&nbsp;<br \/>\n<\/span><span style=\"font-weight: 400\">que cheiro, que cheiro,<br \/>\n<\/span><span style=\"font-weight: 400\">que cheiro, cheiro (2x)<\/span><span style=\"font-weight: 400\">&nbsp; &nbsp; &nbsp; &nbsp; &nbsp; &nbsp; &nbsp; &nbsp; &nbsp; &nbsp; &nbsp; &nbsp; &nbsp; &nbsp; &nbsp; &nbsp; &nbsp; &nbsp; &nbsp; &nbsp; &nbsp; &nbsp;<\/span><\/p>\n<p><span style=\"font-weight: 400\">da mexerica cacacacacacacaca<br \/>\n<\/span><span style=\"font-weight: 400\">da mexerica cacacacacacacaca<\/span><\/p>\n<p><span style=\"font-weight: 400\">da mexe. da mexe<br \/>\n<\/span><span style=\"font-weight: 400\">da mexe. da mexe&nbsp;<br \/>\n<\/span><span style=\"font-weight: 400\">da mexe, da mexe&nbsp;<br \/>\n<\/span><span style=\"font-weight: 400\">da mexe, da mexe \u2026<\/span><\/p>\n<p><span style=\"font-weight: 400\">pra mexe, pra mexe<br \/>\n<\/span><span style=\"font-weight: 400\">pra mexe pra mexe.<br \/>\n<\/span><span style=\"font-weight: 400\">pra mexe, pra mexe<br \/>\n<\/span><span style=\"font-weight: 400\">pra mexe, pra mexe \u2026<\/span><\/p>\n<p><span style=\"font-weight: 400\">Sedentos dedos&nbsp;<br \/>\n<\/span><span style=\"font-weight: 400\">lhe puxam a vida<br \/>\n<\/span><span style=\"font-weight: 400\">Cada gomo \u00e0 mostra<br \/>\n<\/span><span style=\"font-weight: 400\">uma ferida<br \/>\n<\/span><span style=\"font-weight: 400\">As mexericas<\/span><\/p>\n<p><em><span style=\"font-weight: 400\">Poema:<\/span><\/em><\/p>\n<p><span style=\"font-weight: 400\">espirram l\u00e1grimas de sumo<br \/>\n<\/span><span style=\"font-weight: 400\">a cada casca<br \/>\n<\/span><span style=\"font-weight: 400\">em despedida<\/span><\/p>\n<p><\/div><\/div><\/p>\n<p>&nbsp;<\/p>\n<p><b>02 - MEU DENGO<br \/>\n<\/b><div class=\"claps-toggle-text\" style=\"--collapse-hf:1px;--collapse-ht:1px;\" data-title=\"Leia mais\" data-swaptitle=\"Voltar\" data-icon=\"&#9660;\" data-swapicon=\"&#9650;\" data-ht=\"1px\" data-hf=\"1px\" data-above=\"1\"><div class=\"claps-text-inner claps-text-toggle-collapsed\"><b><br \/>\n<\/b><span style=\"font-size: 10pt\"><em><span style=\"font-weight: 400\">Composi\u00e7\u00e3o: Luiza da Iola e N\u00edvea Sabino&nbsp;<br \/>\n<\/span><span style=\"font-weight: 400\">Int\u00e9rprete: Luiza da Iola e N\u00edvea Sabino&nbsp;<br \/>\n<\/span><span style=\"font-weight: 400\">Arranjo harmonia: Miguel Javaral e Gustavo Cunha<br \/>\n<\/span><span style=\"font-weight: 400\">Arranjo percuss\u00e3o e bateria: Laiza Lamara<br \/>\n<\/span><span style=\"font-weight: 400\">Baixo el\u00e9trico: Miguel Javaral&nbsp;<br \/>\n<\/span><span style=\"font-weight: 400\">Guitarra: Gustavo Cunha&nbsp;<br \/>\n<\/span><span style=\"font-weight: 400\">Congas: Laiza Lamara&nbsp;<br \/>\n<\/span><span style=\"font-weight: 400\">Timbal: Laiza Lamara&nbsp;<br \/>\n<\/span><span style=\"font-weight: 400\">Efeitos: Val\u00e9ria Santos<br \/>\n<\/span><span style=\"font-weight: 400\">Bateria: Aruan\u0101&nbsp;<br \/>\n<\/span><span style=\"font-weight: 400\">Surdo: Julianismo&nbsp;<\/span><\/em><\/span><\/p>\n<p>&nbsp;<\/p>\n<p><em><span style=\"font-weight: 400\">Canto:<\/span><\/em><\/p>\n<p><span style=\"font-weight: 400\">Ap\u00f3s o beijo<br \/>\n<\/span><span style=\"font-weight: 400\">n\u00e3o tem outro jeito<br \/>\n<\/span><span style=\"font-weight: 400\">sen\u00e3o meu dengo<br \/>\n<\/span><span style=\"font-weight: 400\">de te olhar<br \/>\n<\/span><span style=\"font-weight: 400\">de te encostar<br \/>\n<\/span><span style=\"font-weight: 400\">acariciar<br \/>\n<\/span><span style=\"font-weight: 400\">e enxergar no olhar<br \/>\n<\/span><span style=\"font-weight: 400\">que dia lindo<br \/>\n<\/span><span style=\"font-weight: 400\">que cor mais viva<br \/>\n<\/span><span style=\"font-weight: 400\">feij\u00e3o gostoso<br \/>\n<\/span><span style=\"font-weight: 400\">conversa boa<br \/>\n<\/span><span style=\"font-weight: 400\">quero outro beijo<br \/>\n<\/span><span style=\"font-weight: 400\">depois mais outro<br \/>\n<\/span><span style=\"font-weight: 400\">perder o \u00f4nibus<br \/>\n<\/span><span style=\"font-weight: 400\">sorrir \u00e0 toa<br \/>\n<\/span><span style=\"font-weight: 400\">sentir garoa<br \/>\n<\/span><span style=\"font-weight: 400\">com as m\u00e3os la\u00e7adas<br \/>\n<\/span><span style=\"font-weight: 400\">prometer nada<br \/>\n<\/span><span style=\"font-weight: 400\">doar-se \u00e0 amada<\/span><\/p>\n<p><span style=\"font-weight: 400\">Meu dengo<br \/>\n<\/span><span style=\"font-weight: 400\">Meu dengo<br \/>\n<\/span><span style=\"font-weight: 400\">Meu dengo<br \/>\n<\/span><span style=\"font-weight: 400\">Meu dengo<\/span><\/p>\n<p><span style=\"font-weight: 400\">aiai meu dengo<br \/>\n<\/span><span style=\"font-weight: 400\">oioi meu dengo<br \/>\n<\/span><span style=\"font-weight: 400\">aiai meu dengo<br \/>\n<\/span><span style=\"font-weight: 400\">oioi meu dengo<br \/>\n<\/span><span style=\"font-weight: 400\">oooo\u2026.<\/span><\/p>\n<p><em><span style=\"font-weight: 400\">Poema:&nbsp;<\/span><\/em><\/p>\n<p><span style=\"font-weight: 400\">Ap\u00f3s o beijo<br \/>\n<\/span><span style=\"font-weight: 400\">n\u00e3o tem outro jeito<br \/>\n<\/span><span style=\"font-weight: 400\">sen\u00e3o meu dengo<br \/>\n<\/span><span style=\"font-weight: 400\">de te olhar<br \/>\n<\/span><span style=\"font-weight: 400\">de te encostar<br \/>\n<\/span><span style=\"font-weight: 400\">acariciar<br \/>\n<\/span><span style=\"font-weight: 400\">e enxergar no olhar<br \/>\n<\/span><span style=\"font-weight: 400\">que dia lindo<br \/>\n<\/span><span style=\"font-weight: 400\">que cor mais viva<br \/>\n<\/span><span style=\"font-weight: 400\">feij\u00e3o gostoso<br \/>\n<\/span><span style=\"font-weight: 400\">conversa boa<br \/>\n<\/span><span style=\"font-weight: 400\">quero outro beijo<br \/>\n<\/span><span style=\"font-weight: 400\">depois mais outro<br \/>\n<\/span><span style=\"font-weight: 400\">perder o \u00f4nibus<br \/>\n<\/span><span style=\"font-weight: 400\">sorrir \u00e0 toa<br \/>\n<\/span><span style=\"font-weight: 400\">sentir garoa<br \/>\n<\/span><span style=\"font-weight: 400\">com as m\u00e3os la\u00e7adas<br \/>\n<\/span><span style=\"font-weight: 400\">prometer nada<br \/>\n<\/span><span style=\"font-weight: 400\">doar-se \u00e0 amada<\/span><\/p>\n<p><em><span style=\"font-weight: 400\">Canto:<\/span><\/em><\/p>\n<p><span style=\"font-weight: 400\">Ap\u00f3s o beijo<br \/>\n<\/span><span style=\"font-weight: 400\">n\u00e3o tem outro jeito<br \/>\n<\/span><span style=\"font-weight: 400\">sen\u00e3o meu dengo<br \/>\n<\/span><span style=\"font-weight: 400\">de te olhar<br \/>\n<\/span><span style=\"font-weight: 400\">de te encostar<br \/>\n<\/span><span style=\"font-weight: 400\">acariciar<br \/>\n<\/span><span style=\"font-weight: 400\">e enxergar no olhar<br \/>\n<\/span><span style=\"font-weight: 400\">que dia lindo<br \/>\n<\/span><span style=\"font-weight: 400\">que cor mais viva<br \/>\n<\/span><span style=\"font-weight: 400\">feij\u00e3o gostoso<br \/>\n<\/span><span style=\"font-weight: 400\">conversa boa<br \/>\n<\/span><span style=\"font-weight: 400\">quero outro beijo<br \/>\n<\/span><span style=\"font-weight: 400\">depois mais outro<br \/>\n<\/span><span style=\"font-weight: 400\">perder o \u00f4nibus<br \/>\n<\/span><span style=\"font-weight: 400\">sorrir \u00e0 toa<br \/>\n<\/span><span style=\"font-weight: 400\">sentir garoa<br \/>\n<\/span><span style=\"font-weight: 400\">com as m\u00e3os la\u00e7adas<br \/>\n<\/span><span style=\"font-weight: 400\">prometer nada<br \/>\n<\/span><span style=\"font-weight: 400\">doar-se \u00e0 amada<\/span><\/p>\n<p><span style=\"font-weight: 400\">Meu dengo<br \/>\n<\/span><span style=\"font-weight: 400\">Meu dengo<br \/>\n<\/span><span style=\"font-weight: 400\">Meu dengo<br \/>\n<\/span><span style=\"font-weight: 400\">Meu dengo<\/span><\/p>\n<p><span style=\"font-weight: 400\">aiai meu dengo<br \/>\n<\/span><span style=\"font-weight: 400\">oioi meu dengo<br \/>\n<\/span><span style=\"font-weight: 400\">aiai meu dengo<br \/>\n<\/span><span style=\"font-weight: 400\">oioi meu dengo<br \/>\n<\/span><span style=\"font-weight: 400\">oooo\u2026.<\/span><\/p>\n<p><span style=\"font-weight: 400\">Meu dengo<\/span><\/p>\n<p><\/div><\/div><\/p>\n<p>&nbsp;<\/p>\n<p><b>03 - SEM MEDIR FALA<br \/>\n<\/b><div class=\"claps-toggle-text\" style=\"--collapse-hf:1px;--collapse-ht:1px;\" data-title=\"Leia mais\" data-swaptitle=\"Voltar\" data-icon=\"&#9660;\" data-swapicon=\"&#9650;\" data-ht=\"1px\" data-hf=\"1px\" data-above=\"1\"><div class=\"claps-text-inner claps-text-toggle-collapsed\">\n<b><\/b><b><\/b><span style=\"font-size: 10pt\"><em><span style=\"font-weight: 400\">Composi\u00e7\u00e3o: Luiza da Iola e N\u00edvea Sabino&nbsp;<br \/>\n<\/span><span style=\"font-weight: 400\">Int\u00e9rprete: Luiza da Iola e N\u00edvea Sabino&nbsp;<br \/>\n<\/span><span style=\"font-weight: 400\">Arranjo harmonia: Gustavo Cunha e Miguel Javaral&nbsp;<br \/>\n<\/span><span style=\"font-weight: 400\">Arranjo percuss\u00e3o e bateria: Laiza Lamara<br \/>\n<\/span><span style=\"font-weight: 400\">Baixo el\u00e9trico: Miguel Javaral&nbsp;<br \/>\n<\/span><span style=\"font-weight: 400\">Sintetizador: Gustavo Cunha&nbsp;<br \/>\n<\/span><span style=\"font-weight: 400\">Flauta transversal: Gustavo Cunha&nbsp;<br \/>\n<\/span><span style=\"font-weight: 400\">Congas: Laiza Lamara&nbsp;<br \/>\n<\/span><span style=\"font-weight: 400\">Efeitos: Julianismo<br \/>\n<\/span><span style=\"font-weight: 400\">Agogo: Julianismo&nbsp;<br \/>\n<\/span><span style=\"font-weight: 400\">Bateria: Val\u00e9ria Santos<br \/>\n<\/span><span style=\"font-weight: 400\">Surdo: Aruan\u0101&nbsp;<br \/>\n<\/span><span style=\"font-weight: 400\">Caxixi: Aruan\u0101&nbsp;<\/span><\/em><\/span><\/p>\n<p><em><span style=\"font-weight: 400\">Canto:<\/span><\/em><\/p>\n<p><span style=\"font-weight: 400\">Digo que a revolu\u00e7\u00e3o<br \/>\n<\/span><span style=\"font-weight: 400\">ser\u00e1 debochada<br \/>\n<\/span><span style=\"font-weight: 400\">Segue comigo<br \/>\n<\/span><span style=\"font-weight: 400\">vai ser rimada<br \/>\n<\/span><span style=\"font-weight: 400\">poetizada.<br \/>\n<\/span><span style=\"font-weight: 400\">rimada,&nbsp;<br \/>\n<\/span><span style=\"font-weight: 400\">poetizada,<br \/>\n<\/span><span style=\"font-weight: 400\">&nbsp;debochada (2x)<\/span><\/p>\n<p><span style=\"font-weight: 400\">Te apresento em versos<br \/>\n<\/span><span style=\"font-weight: 400\">- a maior luta armada -<br \/>\n<\/span><span style=\"font-weight: 400\">Negra dominando a fala e a palavra<br \/>\n<\/span><span style=\"font-weight: 400\">por essa eu sei<br \/>\n<\/span><span style=\"font-weight: 400\">Que c\u00ea n\u00e3o esperava (2x)<\/span><\/p>\n<p><span style=\"font-weight: 400\">Fez de mim escrava&nbsp;<br \/>\n<\/span><span style=\"font-weight: 400\">Fez de mim escrava&nbsp;<br \/>\n<\/span><span style=\"font-weight: 400\">Filha da empregada<br \/>\n<\/span><span style=\"font-weight: 400\">Fez de mim escrava&nbsp;<br \/>\n<\/span><span style=\"font-weight: 400\">que procurava vaga<br \/>\n<\/span><span style=\"font-weight: 400\">Fez de mim escrava&nbsp;<br \/>\n<\/span><span style=\"font-weight: 400\">na escola \"fraca\"<br \/>\n<\/span><span style=\"font-weight: 400\">Fez de mim escrava&nbsp;<br \/>\n<\/span><span style=\"font-weight: 400\">que n\u00e3o era paga<br \/>\n<\/span><span style=\"font-weight: 400\">Fez<\/span><\/p>\n<p><span style=\"font-weight: 400\">Vim dizer que voc\u00ea fraquejou no plano<br \/>\n<\/span><span style=\"font-weight: 400\">de oprimir a negrada<\/span><\/p>\n<p><span style=\"font-weight: 400\">L\u00e1 na minha quebrada<br \/>\n<\/span><span style=\"font-weight: 400\">a gente rima \"favelada\" com<br \/>\n<\/span><span style=\"font-weight: 400\">L\u00e1 na minha quebrada<br \/>\n<\/span><span style=\"font-weight: 400\">a gente rima \"favelada\" com<br \/>\n<\/span><span style=\"font-weight: 400\">L\u00e1 na minha quebrada<br \/>\n<\/span><span style=\"font-weight: 400\">a gente rima \"favelada\" com<br \/>\n<\/span><span style=\"font-weight: 400\">\" empoderada\"<br \/>\n<\/span><span style=\"font-weight: 400\">\" empoderada\"<br \/>\n<\/span><span style=\"font-weight: 400\">\" empoderada\"<\/span><\/p>\n<p><span style=\"font-weight: 400\">Negro \u00e9 o poder!<\/span><\/p>\n<p><em><span style=\"font-weight: 400\">Poema:<\/span><\/em><\/p>\n<p><span style=\"font-weight: 400\">Sapat\u00e3o \u00e9 as minas<br \/>\n<\/span><span style=\"font-weight: 400\">que ir\u00e3o te mostrar<br \/>\n<\/span><span style=\"font-weight: 400\">que seu \"liliu\" na m\u00e3o<br \/>\n<\/span><span style=\"font-weight: 400\">diante do meu \"n\u00e3o\"<br \/>\n<\/span><span style=\"font-weight: 400\">\u00e9 uma piada<\/span><\/p>\n<p><span style=\"font-weight: 400\">Ei, macho alfa!<br \/>\n<\/span><span style=\"font-weight: 400\">- sofre n\u00e3o!&nbsp; Sofre n\u00e3o...!<\/span><\/p>\n<p><span style=\"font-weight: 400\">Nenhuma mulher mais<br \/>\n<\/span><span style=\"font-weight: 400\">independente da cor<br \/>\n<\/span><span style=\"font-weight: 400\">ficar\u00e1 calada<br \/>\n<\/span><span style=\"font-weight: 400\">enquanto houver outras violentadas<\/span><\/p>\n<p><span style=\"font-weight: 400\">Violeta \u00e9 a cor<br \/>\n<\/span><span style=\"font-weight: 400\">que marca a luta<br \/>\n<\/span><span style=\"font-weight: 400\">de resist\u00eancia ao rocho<br \/>\n<\/span><span style=\"font-weight: 400\">que oc\u00ea deixou<\/span><\/p>\n<p><span style=\"font-weight: 400\">Preta nag\u00f4, nag\u00f4\u00f4\u00f4...<br \/>\n<\/span><span style=\"font-weight: 400\">Vamos dizer do tanto<br \/>\n<\/span><span style=\"font-weight: 400\">que Dandara lutou<\/span><\/p>\n<p><span style=\"font-weight: 400\">C\u00ea acha mesmo que s\u00f3 barbado<br \/>\n<\/span><span style=\"font-weight: 400\">resistiu ao escracho!?<\/span><\/p>\n<p><span style=\"font-weight: 400\">Eu sangro!<br \/>\n<\/span><span style=\"font-weight: 400\">- Fa\u00e7a-me o favor!<\/span><\/p>\n<p><span style=\"font-weight: 400\">N\u00e3o passar\u00e1, enquanto eu n\u00e3o passar!<br \/>\n<\/span><span style=\"font-weight: 400\">Passar gritando,<br \/>\n<\/span><span style=\"font-weight: 400\">denunciando<br \/>\n<\/span><span style=\"font-weight: 400\">o mundo tosco<br \/>\n<\/span><span style=\"font-weight: 400\">que n\u00f3s criamos<\/span><\/p>\n<p><span style=\"font-weight: 400\">A cada uma hora e meia<br \/>\n<\/span><span style=\"font-weight: 400\">uma mulher \u00e9 morta<\/span><\/p>\n<p><span style=\"font-weight: 400\">Minha poesia<br \/>\n<\/span><span style=\"font-weight: 400\">n\u00e3o mede a fala<br \/>\n<\/span><span style=\"font-weight: 400\">que p\u00f5e na cara:<\/span><\/p>\n<p><span style=\"font-weight: 400\">O Brasil \u00e9 o pa\u00eds que mais mata:<br \/>\n<\/span><span style=\"font-weight: 400\">mulher preta<br \/>\n<\/span><span style=\"font-weight: 400\">transsexual<br \/>\n<\/span><span style=\"font-weight: 400\">e viadA<\/span><\/p>\n<p><em><span style=\"font-weight: 400\">Canto:<\/span><\/em><\/p>\n<p><span style=\"font-weight: 400\">N\u00e3o passar\u00e1, enquanto eu n\u00e3o passar!<br \/>\n<\/span><span style=\"font-weight: 400\">N\u00e3o passar\u00e1, enquanto eu n\u00e3o passar!<br \/>\n<\/span><span style=\"font-weight: 400\">N\u00e3o passar\u00e1, enquanto eu n\u00e3o passar!<\/span><\/p>\n<p><span style=\"font-weight: 400\">Passar gritando,<br \/>\n<\/span><span style=\"font-weight: 400\">denunciando<br \/>\n<\/span><span style=\"font-weight: 400\">o mundo tosco<br \/>\n<\/span><span style=\"font-weight: 400\">que n\u00f3s criamos<\/span><\/p>\n<p><span style=\"font-weight: 400\">L\u00e1 na minha quebrada<br \/>\n<\/span><span style=\"font-weight: 400\">a gente rima \"favelada\" com<br \/>\n<\/span><span style=\"font-weight: 400\">L\u00e1 na minha quebrada<br \/>\n<\/span><span style=\"font-weight: 400\">a gente rima \"favelada\" com<br \/>\n<\/span><span style=\"font-weight: 400\">L\u00e1 na minha quebrada<\/span><\/p>\n<p><span style=\"font-weight: 400\">a gente rima \"favelada\" com<\/span><\/p>\n<p><span style=\"font-weight: 400\">\" empoderada\"<br \/>\n<\/span><span style=\"font-weight: 400\">\" empoderada\"<br \/>\n<\/span><span style=\"font-weight: 400\">\" empoderada\"<\/span><\/p>\n<p><span style=\"font-weight: 400\">Negro \u00e9 o poder!<\/span><\/p>\n<p><span style=\"font-weight: 400\">Negro \u00e9<br \/>\n<\/span><span style=\"font-weight: 400\">Negro \u00e9&nbsp;<br \/>\n<\/span><span style=\"font-weight: 400\">Negro \u00e9&nbsp;<\/span><\/p>\n<p><span style=\"font-weight: 400\">O poder<br \/>\n<\/span><span style=\"font-weight: 400\">O poder<br \/>\n<\/span><span style=\"font-weight: 400\">O poder<\/span><\/p>\n<p><span style=\"font-weight: 400\">O poder!<\/span><\/p>\n<p><\/div><\/div><\/p>\n<p>&nbsp;<\/p>\n<p><b>04 - AMOR&nbsp; DE JATOB\u00c1<br \/>\n<\/b><div class=\"claps-toggle-text\" style=\"--collapse-hf:1px;--collapse-ht:1px;\" data-title=\"Leia mais\" data-swaptitle=\"Voltar\" data-icon=\"&#9660;\" data-swapicon=\"&#9650;\" data-ht=\"1px\" data-hf=\"1px\" data-above=\"1\"><div class=\"claps-text-inner claps-text-toggle-collapsed\">\n<b><\/b><span style=\"font-size: 10pt\"><em><span style=\"font-weight: 400\">Composi\u00e7\u00e3o: Luiza da Iola e N\u00edvea Sabino&nbsp;<br \/>\n<\/span><\/em><em><span style=\"font-weight: 400\">Int\u00e9rprete: Luiza da Iola e N\u00edvea Sabino&nbsp;<br \/>\n<\/span><\/em><em><span style=\"font-weight: 400\">Arranjo harmonia: Miguel Javaral e Gustavo Cunha<br \/>\n<\/span><\/em><em><span style=\"font-weight: 400\">Arranjo percuss\u00e3o e bateria: Julianismo, Aruan\u0101 e Laiza Lamara<br \/>\n<\/span><\/em><em><span style=\"font-weight: 400\">Arranjo vozes: Aruan\u0101 e Julianismo<br \/>\n<\/span><\/em><em><span style=\"font-weight: 400\">Coro: Gustavo Cunha, Tacimira Fabiana do Carmo, Miguel Javaral, Julianismo, Val\u00e9ria Santos, Laiza Lamara, Aruan\u0101, Nivea Sabino e Luiza da Iola<br \/>\n<\/span><\/em><em><span style=\"font-weight: 400\">Baixo el\u00e9trico: Miguel Javaral&nbsp;<br \/>\n<\/span><\/em><em><span style=\"font-weight: 400\">Guitarra: Gustavo Cunha<br \/>\n<\/span><\/em><em><span style=\"font-weight: 400\">Congas: Julianismo<br \/>\n<\/span><\/em><em><span style=\"font-weight: 400\">Tri\u00e2ngulo: Val\u00e9ria Santos&nbsp;<br \/>\n<\/span><\/em><em><span style=\"font-weight: 400\">Efeitos: Laiza Lamara e Julianismo<br \/>\n<\/span><\/em><em><span style=\"font-weight: 400\">Bateria: Aruan\u0101&nbsp;<\/span><\/em><\/span><\/p>\n<p><em><span style=\"font-weight: 400\">Canto:<\/span><\/em><\/p>\n<p><span style=\"font-weight: 400\">Sem cafun\u00e9 a vida \u00e9 seca<br \/>\n<\/span><span style=\"font-weight: 400\">sert\u00e3o de segunda a sexta-feira<br \/>\n<\/span><span style=\"font-weight: 400\">Sem cafun\u00e9 a vida \u00e9 seca<br \/>\n<\/span><span style=\"font-weight: 400\">sert\u00e3o de segunda a sexta-feira (2x)<\/span><\/p>\n<p><span style=\"font-weight: 400\">Comi pequi pra te amar<br \/>\n<\/span><span style=\"font-weight: 400\">um cheiro de jatob\u00e1<br \/>\n<\/span><span style=\"font-weight: 400\">aroma fez te afastar<br \/>\n<\/span><span style=\"font-weight: 400\">as andorinhas do \u00faltimo ver\u00e3o<br \/>\n<\/span><span style=\"font-weight: 400\">qui\u00e7\u00e1 ir\u00e3o voltar<br \/>\n<\/span><span style=\"font-weight: 400\">as andorinhas do \u00faltimo ver\u00e3o<br \/>\n<\/span><span style=\"font-weight: 400\">qui\u00e7\u00e1 ir\u00e3o voltar<\/span><\/p>\n<p><span style=\"font-weight: 400\">semente que quer brotar<\/span><\/p>\n<p><em><span style=\"font-weight: 400\">Poema:<\/span><\/em><\/p>\n<p><span style=\"font-weight: 400\">Era mais confort\u00e1vel<br \/>\n<\/span><span style=\"font-weight: 400\">eu me sentia bem<br \/>\n<\/span><span style=\"font-weight: 400\">quando assumi o ato<br \/>\n<\/span><span style=\"font-weight: 400\">sou eu o salto<br \/>\n<\/span><span style=\"font-weight: 400\">me ergo com os p\u00e9s descal\u00e7os<br \/>\n<\/span><span style=\"font-weight: 400\">sentada, gente de vida derradeira<br \/>\n<\/span><span style=\"font-weight: 400\">ser forte \u00e9 subir e descer ladeiras<br \/>\n<\/span><span style=\"font-weight: 400\">sem cafun\u00e9 a vida \u00e9 seca<br \/>\n<\/span><span style=\"font-weight: 400\">sert\u00e3o<br \/>\n<\/span><span style=\"font-weight: 400\">de segunda a sexta-feira<br \/>\n<\/span><span style=\"font-weight: 400\">comi pequi pra te amar<br \/>\n<\/span><span style=\"font-weight: 400\">um cheiro de jatob\u00e1<br \/>\n<\/span><span style=\"font-weight: 400\">aroma fez te afastar<br \/>\n<\/span><span style=\"font-weight: 400\">as andorinhas do \u00faltimo ver\u00e3o<br \/>\n<\/span><span style=\"font-weight: 400\">qui\u00e7\u00e1<br \/>\n<\/span><span style=\"font-weight: 400\">ir\u00e3o voltar<br \/>\n<\/span><span style=\"font-weight: 400\">semente que quer brotar<br \/>\n<\/span><span style=\"font-weight: 400\">voc\u00ea mente<br \/>\n<\/span><span style=\"font-weight: 400\">tamb\u00e9m se afoga<br \/>\n<\/span><span style=\"font-weight: 400\">quem aprendeu a nadar<br \/>\n<\/span><span style=\"font-weight: 400\">mais valem as lendas<br \/>\n<\/span><span style=\"font-weight: 400\">que ouvi contar<\/span><\/p>\n<p><em><span style=\"font-weight: 400\">Canto:<\/span><\/em><\/p>\n<p><span style=\"font-weight: 400\">Voc\u00ea mente<br \/>\n<\/span><span style=\"font-weight: 400\">tamb\u00e9m se afoga<br \/>\n<\/span><span style=\"font-weight: 400\">quem aprendeu a nadar<br \/>\n<\/span><span style=\"font-weight: 400\">mais valem as lendas<br \/>\n<\/span><span style=\"font-weight: 400\">que ouvi contar<\/span><\/p>\n<p><span style=\"font-weight: 400\">Sem cafun\u00e9 a vida \u00e9 seca<br \/>\n<\/span><span style=\"font-weight: 400\">sert\u00e3o de segunda a sexta-feira<br \/>\n<\/span><span style=\"font-weight: 400\">Sem cafun\u00e9 a vida \u00e9 seca<br \/>\n<\/span><span style=\"font-weight: 400\">sert\u00e3o de segunda a sexta-feira&nbsp;<\/span><\/p>\n<p><span style=\"font-weight: 400\">Sem cafun\u00e9 a vida \u00e9 seca<br \/>\n<\/span><span style=\"font-weight: 400\">sert\u00e3o de segunda a sexta-feira<br \/>\n<\/span><span style=\"font-weight: 400\">Sem cafun\u00e9 a vida \u00e9 seca<br \/>\n<\/span><span style=\"font-weight: 400\">sert\u00e3o de segunda a sexta-feira<\/span><\/p>\n<p><\/div><\/div><\/p>\n<\/div>\n<\/div><\/div><\/div><\/div><\/div><\/div><\/div>","protected":false},"excerpt":{"rendered":"<p>REALIZA\u00c7\u00c3O Projeto realizado por meio do Edital de Chamamento P\u00fablico n\u00ba 06\/2024 \u2013 Produ\u00e7\u00e3o de Obras, da Secretaria de Estado de Cultura [&hellip;]<\/p>\n","protected":false},"author":1,"featured_media":0,"parent":0,"menu_order":0,"comment_status":"closed","ping_status":"closed","template":"page-templates\/page_front-page.php","meta":{"ngg_post_thumbnail":0,"footnotes":""},"class_list":["post-839","page","type-page","status-publish","hentry"],"_links":{"self":[{"href":"https:\/\/luizadaiola.com\/index.php\/wp-json\/wp\/v2\/pages\/839","targetHints":{"allow":["GET"]}}],"collection":[{"href":"https:\/\/luizadaiola.com\/index.php\/wp-json\/wp\/v2\/pages"}],"about":[{"href":"https:\/\/luizadaiola.com\/index.php\/wp-json\/wp\/v2\/types\/page"}],"author":[{"embeddable":true,"href":"https:\/\/luizadaiola.com\/index.php\/wp-json\/wp\/v2\/users\/1"}],"replies":[{"embeddable":true,"href":"https:\/\/luizadaiola.com\/index.php\/wp-json\/wp\/v2\/comments?post=839"}],"version-history":[{"count":24,"href":"https:\/\/luizadaiola.com\/index.php\/wp-json\/wp\/v2\/pages\/839\/revisions"}],"predecessor-version":[{"id":870,"href":"https:\/\/luizadaiola.com\/index.php\/wp-json\/wp\/v2\/pages\/839\/revisions\/870"}],"wp:attachment":[{"href":"https:\/\/luizadaiola.com\/index.php\/wp-json\/wp\/v2\/media?parent=839"}],"curies":[{"name":"wp","href":"https:\/\/api.w.org\/{rel}","templated":true}]}}